{"version":"1.0","provider_name":"Aus Mainz.","provider_url":"https:\/\/www.doppelklicker.de\/blog","author_name":"Iris Martin","author_url":"https:\/\/www.doppelklicker.de\/blog\/author\/iris-martin\/","title":"R\u00fcckl\u00e4ufige Besch\u00e4ftigung im Verarbeitenden Gewerbe belastet deutschen Arbeitsmarkt nachhaltig","type":"rich","width":600,"height":338,"html":"<blockquote class=\"wp-embedded-content\"><a href=\"https:\/\/www.doppelklicker.de\/blog\/verarbeitendes-gewerbe-2025-stellenabbau-in-kfz-zulieferung\/\">R\u00fcckl\u00e4ufige Besch\u00e4ftigung im Verarbeitenden Gewerbe belastet deutschen Arbeitsmarkt nachhaltig<\/a><\/blockquote>\n<script type='text\/javascript'>\n<!--\/\/--><![CDATA[\/\/><!--\n\t\t\/*! This file is auto-generated *\/\n\t\t!function(c,d){\"use strict\";var e=!1,n=!1;if(d.querySelector)if(c.addEventListener)e=!0;if(c.wp=c.wp||{},!c.wp.receiveEmbedMessage)if(c.wp.receiveEmbedMessage=function(e){var t=e.data;if(t)if(t.secret||t.message||t.value)if(!\/[^a-zA-Z0-9]\/.test(t.secret)){for(var r,a,i,s=d.querySelectorAll('iframe[data-secret=\"'+t.secret+'\"]'),n=d.querySelectorAll('blockquote[data-secret=\"'+t.secret+'\"]'),o=0;o<n.length;o++)n[o].style.display=\"none\";for(o=0;o<s.length;o++)if(r=s[o],e.source===r.contentWindow){if(r.removeAttribute(\"style\"),\"height\"===t.message){if(1e3<(i=parseInt(t.value,10)))i=1e3;else if(~~i<200)i=200;r.height=i}if(\"link\"===t.message)if(a=d.createElement(\"a\"),i=d.createElement(\"a\"),a.href=r.getAttribute(\"src\"),i.href=t.value,i.host===a.host)if(d.activeElement===r)c.top.location.href=t.value}}},e)c.addEventListener(\"message\",c.wp.receiveEmbedMessage,!1),d.addEventListener(\"DOMContentLoaded\",t,!1),c.addEventListener(\"load\",t,!1);function t(){if(!n){n=!0;for(var e,t,r=-1!==navigator.appVersion.indexOf(\"MSIE 10\"),a=!!navigator.userAgent.match(\/Trident.*rv:11\\.\/),i=d.querySelectorAll(\"iframe.wp-embedded-content\"),s=0;s<i.length;s++){if(!(e=i[s]).getAttribute(\"data-secret\"))t=Math.random().toString(36).substr(2,10),e.src+=\"#?secret=\"+t,e.setAttribute(\"data-secret\",t);if(r||a)(t=e.cloneNode(!0)).removeAttribute(\"security\"),e.parentNode.replaceChild(t,e)}}}}(window,document);\n\/\/--><!]]>\n<\/script><iframe sandbox=\"allow-scripts\" security=\"restricted\" src=\"https:\/\/www.doppelklicker.de\/blog\/verarbeitendes-gewerbe-2025-stellenabbau-in-kfz-zulieferung\/embed\/\" width=\"600\" height=\"338\" title=\"&#8222;R\u00fcckl\u00e4ufige Besch\u00e4ftigung im Verarbeitenden Gewerbe belastet deutschen Arbeitsmarkt nachhaltig&#8220; &#8212; Aus Mainz.\" frameborder=\"0\" marginwidth=\"0\" marginheight=\"0\" scrolling=\"no\" class=\"wp-embedded-content\"><\/iframe>","thumbnail_url":"https:\/\/www.doppelklicker.de\/blog\/wp-content\/uploads\/2026\/09\/beschaeftigtenzahl-im-verarbeitenden-gewerbe-sinkt-177-000-bis-31111.jpg","thumbnail_width":600,"thumbnail_height":288,"description":"Analysen des Arbeitsmarkts weisen darauf hin, dass rund ein Drittel der Experten sinkende Besch\u00e4ftigtenzahlen im Verarbeitenden Gewerbe konstatiert. Bis Dezember 2025 sank die sozialversicherungspflichtige Besch\u00e4ftigung dort um 177.000 auf 6,5 Millionen Arbeitspl\u00e4tze. Gesamt\u00fcbergreifend betrug der R\u00fcckgang 108.000 Stellen, weil Zuw\u00e4chse in anderen Wirtschaftszweigen die Verluste nicht ausglichen. Um den Fachkr\u00e4ftebedarf bedarfsgerecht zu decken, betreibt dieJetzt alles lesen"}